{"id":22444,"date":"2022-09-08T08:47:51","date_gmt":"2022-09-08T08:47:51","guid":{"rendered":"https:\/\/fovarosikeptar.hu\/?page_id=22444"},"modified":"2022-09-08T08:54:43","modified_gmt":"2022-09-08T08:54:43","slug":"artwork-of-the-month","status":"publish","type":"page","link":"https:\/\/fovarosikeptar.hu\/en\/artwork-of-the-month\/","title":{"rendered":"Artwork of the Month"},"content":{"rendered":"<p>[vc_row css_animation=&#8221;&#8221; row_type=&#8221;row&#8221; use_row_as_full_screen_section=&#8221;no&#8221; type=&#8221;full_width&#8221; angled_section=&#8221;no&#8221; text_align=&#8221;left&#8221; background_image_as_pattern=&#8221;without_pattern&#8221;][vc_column][vc_separator type=&#8221;transparent&#8221; up=&#8221;20&#8243;][vc_column_text]<\/p>\n<h2 id=\"festetics\" class=\"mu-cime\">G\u00e1sp\u00e1r Sonnenschein (1831-1876): <em>Portrait of Antal Festetics (1764\u20131853)<\/em><\/h2>\n<p>[\/vc_column_text][vc_separator type=&#8221;normal&#8221; thickness=&#8221;2&#8243; up=&#8221;20&#8243;][vc_column_text]<\/p>\n<p class=\"technika\" style=\"text-align: right;\">oil on canvas, 72 x 58,5 cm<\/p>\n<p>[\/vc_column_text][\/vc_column][\/vc_row][vc_row css_animation=&#8221;&#8221; row_type=&#8221;row&#8221; use_row_as_full_screen_section=&#8221;no&#8221; type=&#8221;full_width&#8221; angled_section=&#8221;no&#8221; text_align=&#8221;left&#8221; background_image_as_pattern=&#8221;without_pattern&#8221; z_index=&#8221;&#8221; padding_top=&#8221;25&#8243; padding_bottom=&#8221;25&#8243;][vc_column width=&#8221;1\/4&#8243;][\/vc_column][vc_column width=&#8221;3\/4&#8243;][vc_single_image image=&#8221;22440&#8243; img_size=&#8221;medium&#8221; qode_css_animation=&#8221;&#8221; el_class=&#8221;nagyitas&#8221;][\/vc_column][\/vc_row][vc_row css_animation=&#8221;&#8221; row_type=&#8221;row&#8221; use_row_as_full_screen_section=&#8221;no&#8221; type=&#8221;full_width&#8221; angled_section=&#8221;no&#8221; text_align=&#8221;left&#8221; background_image_as_pattern=&#8221;without_pattern&#8221;][vc_column width=&#8221;1\/4&#8243;][\/vc_column][vc_column width=&#8221;3\/4&#8243;][vc_column_text]Thanks to his extraordinary insight, sense of purpose, and specific ambitions, this erudite man stood out among not only his well-known family but also the best minds of his generation. While the firstborns of the Festetics family, who rose to eminence in the 18th century, P\u00e1l, a newly-made count and vice president of the Royal Chamber, and his son Gy\u00f6rgy, founder of the first agricultural school on the continent, Georgikon, were the beneficiaries of the rich Keszthely estates of Krist\u00f3f Festetics, Antal grew up, as the second son, in the ranks of the landed gentry, in his father\u2019s modest country house at Topon\u00e1r. His father sent him to study in Buda, where he received a first-rate education (secondary and higher), amassed a library of books, and became associated with enlightened and, thus, masonic circles. He took an active role in the movement\u2019s leadership and, after its prohibition, purchased the collected documents of freemasonry in the Habsburg Empire. He worked as a secretary of the Royal Governor\u2019s Council, before becoming the first chamberlain as a non-aristocrat.<\/p>\n<p>In 1797, he acquired, by way of exchange, the large D\u00e9g estate, as well as a handful of villages, from his brothers and, marrying beauty with utility, implemented significant reforms: in addition to introducing modern farming methods, he reorganized the village structure, regulated the road-network, and, during the Napoleonic wars, sold grain from the newly-arable land at a handsome profit to the army. Wool from his 14,000 sheep was processed at the textile factory in G\u00e1cs (today Hali\u010d, Slovakia). With great business acumen, he turned the factory into a joint-stock company and, as a main shareholder, furnished it with state-of-the-art technology. His huge earnings made him the wealthiest of his class.<\/p>\n<p>In the meantime, he was living and working in the Hungarian capital. As a councillor, he was bound to Buda, but by purchasing a tenement house he also became one of the most prestigious taxpayers of Pest. He had his friend L\u00e1szl\u00f3 Orczy as his role model: his \u02bbMorocco Court\u2019 was, after the well-known Orczy House, the second-largest tenement house of the city which stood at Erzs\u00e9bet square until its 1962 demolition, which also helped to finance his projects. Festetics married Baroness Am\u00e1lia Spl\u00e9nyi, Orczy\u2019s niece; the couple created a significant herbarium. Soon, their English garden and villa, located in the vicinity of Orczy Gardens, similar to it both in size and beauty, became a spectacle of the city.<\/p>\n<p>Festetics\u2019 D\u00e9g residence, designed by Mih\u00e1ly Pollack and completed in 1812, was the first major Neoclassical country house in Hungary. Its enormous park, according to contemporary accounts, put all other Hungarian gardens in the shade. Renowned German landscape gardener Bernhard Petri, the designer of Orczy Gardens, was also involved in its creation.<\/p>\n<p>His elegant town house in Pest (Zr\u00ednyi street, built in the 1820s and now housing CEU) was also designed by Pollack; it was once again the architect who persuaded him to gift a corner of his villa garden to the orphanage established by Joseph, Palatine of Hungary. He donated another corner, with the famous Elias Fountain, to Ludovica Military Academy, and the rest of the property became the botanic garden of the University of Pest (today\u2019s ELTE). The Clinics complex was built in place of the Paul Street Boys\u2019 lake.<\/p>\n<p>The portrait, now on display for the first time, shows Antal Festetics wearing a black dolman and was painted posthumously, presumably after an original from the 1840s (perhaps from 1847, the year of his wife\u2019s death), in 1865. It is part of a series dedicated to the donors of Joseph Orphanage by G\u00e1sp\u00e1r Sonnenschein (1831\u20131876), a Pest-based artist who studied at the Academy of Fine Arts in Munich and is known for his portraits and religious paintings. The Museum received it as a gift from the City of Budapest in 1907. It captures in rich detail facial features, the grey of thin hair combed forward by a lead comb, the steady blue eyes, and the quiet elegance of the clothes. We are looking at an extremely successful industrialist and landowner whose wealth could be compared to that of aristocrats and whose many achievements were justly admired by his contemporaries.<\/p>\n<p><strong>(Written by G\u00e1bor Alf\u00f6ldy)<\/strong><\/p>\n<p>The painting, which had been in a poor state, was conserved for Budapest History Museum Kiscell Museum \u2013 Municipal Gallery, with the support of the National Cultural Fund of Hungary, by conservators Istv\u00e1n Juh\u00e1sz and D\u00f3ra Juh\u00e1sz-Boldizs\u00e1r in 2022. The doctoral thesis by G\u00e1bor Alf\u00f6ldy, defended at PhD School of History of Arts, ELTE (Useful Beauty: The Park of Antal Festetics at D\u00e9g), will soon be published in book form.[\/vc_column_text][vc_separator type=&#8221;normal&#8221; up=&#8221;20&#8243; thickness=&#8221;2&#8243;][\/vc_column][\/vc_row]<\/p>\n","protected":false},"excerpt":{"rendered":"<p>[vc_row css_animation=&#8221;&#8221; row_type=&#8221;row&#8221; use_row_as_full_screen_section=&#8221;no&#8221; type=&#8221;full_width&#8221; angled_section=&#8221;no&#8221; text_align=&#8221;left&#8221; background_image_as_pattern=&#8221;without_pattern&#8221;][vc_column][vc_separator type=&#8221;transparent&#8221; up=&#8221;20&#8243;][vc_column_text] G\u00e1sp\u00e1r Sonnenschein (1831-1876): Portrait of Antal Festetics (1764\u20131853) [\/vc_column_text][vc_separator type=&#8221;normal&#8221; thickness=&#8221;2&#8243; up=&#8221;20&#8243;][vc_column_text] oil on canvas, 72 x 58,5 cm [\/vc_column_text][\/vc_column][\/vc_row][vc_row css_animation=&#8221;&#8221; row_type=&#8221;row&#8221; use_row_as_full_screen_section=&#8221;no&#8221; type=&#8221;full_width&#8221; angled_section=&#8221;no&#8221; text_align=&#8221;left&#8221; background_image_as_pattern=&#8221;without_pattern&#8221; z_index=&#8221;&#8221; padding_top=&#8221;25&#8243; padding_bottom=&#8221;25&#8243;][vc_column width=&#8221;1\/4&#8243;][\/vc_column][vc_column width=&#8221;3\/4&#8243;][vc_single_image image=&#8221;22440&#8243; img_size=&#8221;medium&#8221; qode_css_animation=&#8221;&#8221;&#8230;<\/p>\n","protected":false},"author":7,"featured_media":0,"parent":0,"menu_order":0,"comment_status":"closed","ping_status":"closed","template":"","meta":[],"yoast_head":"<!-- This site is optimized with the Yoast SEO plugin v16.8 - https:\/\/yoast.com\/wordpress\/plugins\/seo\/ -->\n<title>Artwork of the Month - F\u0151v\u00e1rosi K\u00e9pt\u00e1r<\/title>\n<meta name=\"robots\" content=\"index, follow, max-snippet:-1, max-image-preview:large, max-video-preview:-1\" \/>\n<link rel=\"canonical\" href=\"https:\/\/fovarosikeptar.hu\/en\/artwork-of-the-month\/\" \/>\n<meta property=\"og:locale\" content=\"en_US\" \/>\n<meta property=\"og:type\" content=\"article\" \/>\n<meta property=\"og:title\" content=\"Artwork of the Month - F\u0151v\u00e1rosi K\u00e9pt\u00e1r\" \/>\n<meta property=\"og:description\" content=\"[vc_row css_animation=&#8221;&#8221; row_type=&#8221;row&#8221; use_row_as_full_screen_section=&#8221;no&#8221; type=&#8221;full_width&#8221; angled_section=&#8221;no&#8221; text_align=&#8221;left&#8221; background_image_as_pattern=&#8221;without_pattern&#8221;][vc_column][vc_separator type=&#8221;transparent&#8221; up=&#8221;20&#8243;][vc_column_text] G\u00e1sp\u00e1r Sonnenschein (1831-1876): Portrait of Antal Festetics (1764\u20131853) [\/vc_column_text][vc_separator type=&#8221;normal&#8221; thickness=&#8221;2&#8243; up=&#8221;20&#8243;][vc_column_text] oil on canvas, 72 x 58,5 cm [\/vc_column_text][\/vc_column][\/vc_row][vc_row css_animation=&#8221;&#8221; row_type=&#8221;row&#8221; use_row_as_full_screen_section=&#8221;no&#8221; type=&#8221;full_width&#8221; angled_section=&#8221;no&#8221; text_align=&#8221;left&#8221; background_image_as_pattern=&#8221;without_pattern&#8221; z_index=&#8221;&#8221; padding_top=&#8221;25&#8243; padding_bottom=&#8221;25&#8243;][vc_column width=&#8221;1\/4&#8243;][\/vc_column][vc_column width=&#8221;3\/4&#8243;][vc_single_image image=&#8221;22440&#8243; img_size=&#8221;medium&#8221; qode_css_animation=&#8221;&#8221;...\" \/>\n<meta property=\"og:url\" content=\"https:\/\/fovarosikeptar.hu\/en\/artwork-of-the-month\/\" \/>\n<meta property=\"og:site_name\" content=\"F\u0151v\u00e1rosi K\u00e9pt\u00e1r\" \/>\n<meta property=\"article:modified_time\" content=\"2022-09-08T08:54:43+00:00\" \/>\n<meta name=\"twitter:card\" content=\"summary_large_image\" \/>\n<meta name=\"twitter:label1\" content=\"Est. reading time\" \/>\n\t<meta name=\"twitter:data1\" content=\"4 minutes\" \/>\n<script type=\"application\/ld+json\" class=\"yoast-schema-graph\">{\"@context\":\"https:\/\/schema.org\",\"@graph\":[{\"@type\":\"WebSite\",\"@id\":\"https:\/\/fovarosikeptar.hu\/#website\",\"url\":\"https:\/\/fovarosikeptar.hu\/\",\"name\":\"F\\u0151v\\u00e1rosi K\\u00e9pt\\u00e1r\",\"description\":\"Kiscelli M\\u00fazeum\",\"potentialAction\":[{\"@type\":\"SearchAction\",\"target\":{\"@type\":\"EntryPoint\",\"urlTemplate\":\"https:\/\/fovarosikeptar.hu\/?s={search_term_string}\"},\"query-input\":\"required name=search_term_string\"}],\"inLanguage\":\"en-US\"},{\"@type\":\"WebPage\",\"@id\":\"https:\/\/fovarosikeptar.hu\/en\/artwork-of-the-month\/#webpage\",\"url\":\"https:\/\/fovarosikeptar.hu\/en\/artwork-of-the-month\/\",\"name\":\"Artwork of the Month - F\\u0151v\\u00e1rosi K\\u00e9pt\\u00e1r\",\"isPartOf\":{\"@id\":\"https:\/\/fovarosikeptar.hu\/#website\"},\"datePublished\":\"2022-09-08T08:47:51+00:00\",\"dateModified\":\"2022-09-08T08:54:43+00:00\",\"breadcrumb\":{\"@id\":\"https:\/\/fovarosikeptar.hu\/en\/artwork-of-the-month\/#breadcrumb\"},\"inLanguage\":\"en-US\",\"potentialAction\":[{\"@type\":\"ReadAction\",\"target\":[\"https:\/\/fovarosikeptar.hu\/en\/artwork-of-the-month\/\"]}]},{\"@type\":\"BreadcrumbList\",\"@id\":\"https:\/\/fovarosikeptar.hu\/en\/artwork-of-the-month\/#breadcrumb\",\"itemListElement\":[{\"@type\":\"ListItem\",\"position\":1,\"name\":\"Home\",\"item\":\"https:\/\/fovarosikeptar.hu\/en\/\"},{\"@type\":\"ListItem\",\"position\":2,\"name\":\"Artwork of the Month\"}]}]}<\/script>\n<!-- \/ Yoast SEO plugin. -->","yoast_head_json":{"title":"Artwork of the Month - F\u0151v\u00e1rosi K\u00e9pt\u00e1r","robots":{"index":"index","follow":"follow","max-snippet":"max-snippet:-1","max-image-preview":"max-image-preview:large","max-video-preview":"max-video-preview:-1"},"canonical":"https:\/\/fovarosikeptar.hu\/en\/artwork-of-the-month\/","og_locale":"en_US","og_type":"article","og_title":"Artwork of the Month - F\u0151v\u00e1rosi K\u00e9pt\u00e1r","og_description":"[vc_row css_animation=&#8221;&#8221; row_type=&#8221;row&#8221; use_row_as_full_screen_section=&#8221;no&#8221; type=&#8221;full_width&#8221; angled_section=&#8221;no&#8221; text_align=&#8221;left&#8221; background_image_as_pattern=&#8221;without_pattern&#8221;][vc_column][vc_separator type=&#8221;transparent&#8221; up=&#8221;20&#8243;][vc_column_text] G\u00e1sp\u00e1r Sonnenschein (1831-1876): Portrait of Antal Festetics (1764\u20131853) [\/vc_column_text][vc_separator type=&#8221;normal&#8221; thickness=&#8221;2&#8243; up=&#8221;20&#8243;][vc_column_text] oil on canvas, 72 x 58,5 cm [\/vc_column_text][\/vc_column][\/vc_row][vc_row css_animation=&#8221;&#8221; row_type=&#8221;row&#8221; use_row_as_full_screen_section=&#8221;no&#8221; type=&#8221;full_width&#8221; angled_section=&#8221;no&#8221; text_align=&#8221;left&#8221; background_image_as_pattern=&#8221;without_pattern&#8221; z_index=&#8221;&#8221; padding_top=&#8221;25&#8243; padding_bottom=&#8221;25&#8243;][vc_column width=&#8221;1\/4&#8243;][\/vc_column][vc_column width=&#8221;3\/4&#8243;][vc_single_image image=&#8221;22440&#8243; img_size=&#8221;medium&#8221; qode_css_animation=&#8221;&#8221;...","og_url":"https:\/\/fovarosikeptar.hu\/en\/artwork-of-the-month\/","og_site_name":"F\u0151v\u00e1rosi K\u00e9pt\u00e1r","article_modified_time":"2022-09-08T08:54:43+00:00","twitter_card":"summary_large_image","twitter_misc":{"Est. reading time":"4 minutes"},"schema":{"@context":"https:\/\/schema.org","@graph":[{"@type":"WebSite","@id":"https:\/\/fovarosikeptar.hu\/#website","url":"https:\/\/fovarosikeptar.hu\/","name":"F\u0151v\u00e1rosi K\u00e9pt\u00e1r","description":"Kiscelli M\u00fazeum","potentialAction":[{"@type":"SearchAction","target":{"@type":"EntryPoint","urlTemplate":"https:\/\/fovarosikeptar.hu\/?s={search_term_string}"},"query-input":"required name=search_term_string"}],"inLanguage":"en-US"},{"@type":"WebPage","@id":"https:\/\/fovarosikeptar.hu\/en\/artwork-of-the-month\/#webpage","url":"https:\/\/fovarosikeptar.hu\/en\/artwork-of-the-month\/","name":"Artwork of the Month - F\u0151v\u00e1rosi K\u00e9pt\u00e1r","isPartOf":{"@id":"https:\/\/fovarosikeptar.hu\/#website"},"datePublished":"2022-09-08T08:47:51+00:00","dateModified":"2022-09-08T08:54:43+00:00","breadcrumb":{"@id":"https:\/\/fovarosikeptar.hu\/en\/artwork-of-the-month\/#breadcrumb"},"inLanguage":"en-US","potentialAction":[{"@type":"ReadAction","target":["https:\/\/fovarosikeptar.hu\/en\/artwork-of-the-month\/"]}]},{"@type":"BreadcrumbList","@id":"https:\/\/fovarosikeptar.hu\/en\/artwork-of-the-month\/#breadcrumb","itemListElement":[{"@type":"ListItem","position":1,"name":"Home","item":"https:\/\/fovarosikeptar.hu\/en\/"},{"@type":"ListItem","position":2,"name":"Artwork of the Month"}]}]}},"_links":{"self":[{"href":"https:\/\/fovarosikeptar.hu\/en\/wp-json\/wp\/v2\/pages\/22444"}],"collection":[{"href":"https:\/\/fovarosikeptar.hu\/en\/wp-json\/wp\/v2\/pages"}],"about":[{"href":"https:\/\/fovarosikeptar.hu\/en\/wp-json\/wp\/v2\/types\/page"}],"author":[{"embeddable":true,"href":"https:\/\/fovarosikeptar.hu\/en\/wp-json\/wp\/v2\/users\/7"}],"replies":[{"embeddable":true,"href":"https:\/\/fovarosikeptar.hu\/en\/wp-json\/wp\/v2\/comments?post=22444"}],"version-history":[{"count":2,"href":"https:\/\/fovarosikeptar.hu\/en\/wp-json\/wp\/v2\/pages\/22444\/revisions"}],"predecessor-version":[{"id":22448,"href":"https:\/\/fovarosikeptar.hu\/en\/wp-json\/wp\/v2\/pages\/22444\/revisions\/22448"}],"wp:attachment":[{"href":"https:\/\/fovarosikeptar.hu\/en\/wp-json\/wp\/v2\/media?parent=22444"}],"curies":[{"name":"wp","href":"https:\/\/api.w.org\/{rel}","templated":true}]}}